{"id":4678,"date":"2024-05-31T11:10:33","date_gmt":"2024-05-31T11:10:33","guid":{"rendered":"http:\/\/webtest.ametras-ecm.com\/?page_id=4678"},"modified":"2024-06-28T13:58:43","modified_gmt":"2024-06-28T13:58:43","slug":"privacy-policy","status":"publish","type":"page","link":"https:\/\/www.ametras-ecm.com\/de\/privacy-policy\/","title":{"rendered":"Datenschutzerkl\u00e4rung"},"content":{"rendered":"<div data-elementor-type=\"wp-page\" data-elementor-id=\"4678\" class=\"elementor elementor-4678\">\n\t\t\t\t<div class=\"elementor-element elementor-element-8d37de5 padding-desktop e-flex e-con-boxed e-con e-parent\" data-id=\"8d37de5\" data-element_type=\"container\">\n\t\t\t\t\t<div class=\"e-con-inner\">\n\t\t\t\t<div class=\"elementor-element elementor-element-84d9dd1 elementor-widget elementor-widget-heading\" data-id=\"84d9dd1\" data-element_type=\"widget\" data-widget_type=\"heading.default\">\n\t\t\t\t<div class=\"elementor-widget-container\">\n\t\t\t<style>\/*! elementor - v3.21.0 - 26-05-2024 *\/\n.elementor-heading-title{padding:0;margin:0;line-height:1}.elementor-widget-heading .elementor-heading-title[class*=elementor-size-]>a{color:inherit;font-size:inherit;line-height:inherit}.elementor-widget-heading .elementor-heading-title.elementor-size-small{font-size:15px}.elementor-widget-heading .elementor-heading-title.elementor-size-medium{font-size:19px}.elementor-widget-heading .elementor-heading-title.elementor-size-large{font-size:29px}.elementor-widget-heading .elementor-heading-title.elementor-size-xl{font-size:39px}.elementor-widget-heading .elementor-heading-title.elementor-size-xxl{font-size:59px}<\/style><h4 class=\"elementor-heading-title elementor-size-default\">Datenschutzerkl\u00e4rung<\/h4>\t\t<\/div>\n\t\t\t\t<\/div>\n\t\t\t\t<div class=\"elementor-element elementor-element-202ba95 elementor-widget elementor-widget-heading\" data-id=\"202ba95\" data-element_type=\"widget\" data-widget_type=\"heading.default\">\n\t\t\t\t<div class=\"elementor-widget-container\">\n\t\t\t<h5 class=\"elementor-heading-title elementor-size-default\"><p>AMETRAS ecm<\/p><p><\/p><\/h5>\t\t<\/div>\n\t\t\t\t<\/div>\n\t\t\t\t<div class=\"elementor-element elementor-element-8f3324c elementor-widget elementor-widget-text-editor\" data-id=\"8f3324c\" data-element_type=\"widget\" data-widget_type=\"text-editor.default\">\n\t\t\t\t<div class=\"elementor-widget-container\">\n\t\t\t<style>\/*! elementor - v3.21.0 - 26-05-2024 *\/\n.elementor-widget-text-editor.elementor-drop-cap-view-stacked .elementor-drop-cap{background-color:#69727d;color:#fff}.elementor-widget-text-editor.elementor-drop-cap-view-framed .elementor-drop-cap{color:#69727d;border:3px solid;background-color:transparent}.elementor-widget-text-editor:not(.elementor-drop-cap-view-default) .elementor-drop-cap{margin-top:8px}.elementor-widget-text-editor:not(.elementor-drop-cap-view-default) .elementor-drop-cap-letter{width:1em;height:1em}.elementor-widget-text-editor .elementor-drop-cap{float:left;text-align:center;line-height:1;font-size:50px}.elementor-widget-text-editor .elementor-drop-cap-letter{display:inline-block}<\/style>\t\t\t\t<p>Wir nehmen den Schutz Ihrer pers\u00f6nlichen Daten sehr ernst. Wir behandeln Ihre personenbezogenen Daten vertraulich und stets im Einklang mit der Datenschutz-Grundverordnung (DS-GVO), in \u00dcbereinstimmung mit den f\u00fcr uns geltenden landesspezifischen Datenschutzbestimmungen und mit dem Inhalt dieser Datenschutzerkl\u00e4rung.<\/p>\n<p>Diese Datenschutzrichtlinie gilt f\u00fcr die folgenden Unternehmen:<\/p>\n<p>AMETRAS documents GmbH,<\/p>\n<p>S.C. AMETRAS Service S.R.L,<br \/>AMETRAS Usa Inc. \u00a0<\/p>\n<p class=\"v1MsoNormal\">\u00a0<\/p>\t\t\t\t\t\t<\/div>\n\t\t\t\t<\/div>\n\t\t\t\t<div class=\"elementor-element elementor-element-c05ad65 elementor-widget elementor-widget-accordion\" data-id=\"c05ad65\" data-element_type=\"widget\" data-widget_type=\"accordion.default\">\n\t\t\t\t<div class=\"elementor-widget-container\">\n\t\t\t<style>.elementor-accordion{text-align:start}.elementor-accordion .elementor-accordion-item{border:1px solid #d5d8dc}.elementor-accordion .elementor-accordion-item+.elementor-accordion-item{border-top:none}.elementor-accordion .elementor-tab-title{margin:0;padding:15px 20px;font-weight:700;line-height:1;cursor:pointer;outline:none}.elementor-accordion .elementor-tab-title .elementor-accordion-icon{display:inline-block;width:1.5em}.elementor-accordion .elementor-tab-title .elementor-accordion-icon svg{width:1em;height:1em}.elementor-accordion .elementor-tab-title .elementor-accordion-icon.elementor-accordion-icon-right{float:right;text-align:right}.elementor-accordion .elementor-tab-title .elementor-accordion-icon.elementor-accordion-icon-left{float:left;text-align:left}.elementor-accordion .elementor-tab-title .elementor-accordion-icon .elementor-accordion-icon-closed{display:block}.elementor-accordion .elementor-tab-title .elementor-accordion-icon .elementor-accordion-icon-opened,.elementor-accordion .elementor-tab-title.elementor-active .elementor-accordion-icon-closed{display:none}.elementor-accordion .elementor-tab-title.elementor-active .elementor-accordion-icon-opened{display:block}.elementor-accordion .elementor-tab-content{display:none;padding:15px 20px;border-top:1px solid #d5d8dc}@media (max-width:767px){.elementor-accordion .elementor-tab-title{padding:12px 15px}.elementor-accordion .elementor-tab-title .elementor-accordion-icon{width:1.2em}.elementor-accordion .elementor-tab-content{padding:7px 15px}}.e-con-inner>.elementor-widget-accordion,.e-con>.elementor-widget-accordion{width:var(--container-widget-width);--flex-grow:var(--container-widget-flex-grow)}<\/style>\t\t<div class=\"elementor-accordion\">\n\t\t\t\t\t\t\t<div class=\"elementor-accordion-item\">\n\t\t\t\t\t<div id=\"elementor-tab-title-2011\" class=\"elementor-tab-title\" data-tab=\"1\" role=\"button\" aria-controls=\"elementor-tab-content-2011\" aria-expanded=\"false\">\n\t\t\t\t\t\t\t\t\t\t\t\t\t<span class=\"elementor-accordion-icon elementor-accordion-icon-right\" aria-hidden=\"true\">\n\t\t\t\t\t\t\t\t\t\t\t\t\t\t\t<span class=\"elementor-accordion-icon-closed\"><svg class=\"e-font-icon-svg e-fas-plus\" viewbox=\"0 0 448 512\" xmlns=\"http:\/\/www.w3.org\/2000\/svg\"><path d=\"M416 208H272V64c0-17.67-14.33-32-32-32h-32c-17.67 0-32 14.33-32 32v144H32c-17.67 0-32 14.33-32 32v32c0 17.67 14.33 32 32 32h144v144c0 17.67 14.33 32 32 32h32c17.67 0 32-14.33 32-32V304h144c17.67 0 32-14.33 32-32v-32c0-17.67-14.33-32-32-32z\"><\/path><\/svg><\/span>\n\t\t\t\t\t\t\t\t<span class=\"elementor-accordion-icon-opened\"><svg class=\"e-font-icon-svg e-fas-minus\" viewbox=\"0 0 448 512\" xmlns=\"http:\/\/www.w3.org\/2000\/svg\"><path d=\"M416 208H32c-17.67 0-32 14.33-32 32v32c0 17.67 14.33 32 32 32h384c17.67 0 32-14.33 32-32v-32c0-17.67-14.33-32-32-32z\"><\/path><\/svg><\/span>\n\t\t\t\t\t\t\t\t\t\t\t\t\t\t<\/span>\n\t\t\t\t\t\t\t\t\t\t\t\t<a class=\"elementor-accordion-title\" tabindex=\"0\">Personenbezogene Daten<\/a>\n\t\t\t\t\t<\/div>\n\t\t\t\t\t<div id=\"elementor-tab-content-2011\" class=\"elementor-tab-content elementor-clearfix\" data-tab=\"1\" role=\"region\" aria-labelledby=\"elementor-tab-title-2011\"><p>Personenbezogene Daten werden auf unseren Webseiten nur dann erhoben, wenn Sie zu uns Kontakt aufnehmen und Angaben zu Ihrem Anliegen machen. Die von Ihnen angegebenen Daten werden nicht an Dritte, au\u00dferhalb der AMETRAS-Unternehmensgruppe, weitergegeben oder ver\u00e4u\u00dfert. Ausnahme: Ihre Anfrage kann aus inhaltlichen Gr\u00fcnden oder aufgrund der \u00f6rtlichen N\u00e4he besser durch einen unserer offiziellen Vertriebspartner oder Tochterunternehmen bearbeitet werden \u2013 dann leiten wir Ihre Anfrage samt den erhobenen Daten an den entsprechenden Partner weiter.<br \/><br \/>Die Daten werden au\u00dferdem nur so lange gespeichert, wie sie zur Erf\u00fcllung der Aufgabe oder w\u00e4hrend der Gesch\u00e4ftsbeziehung notwendig sind. Sie haben das Recht auf Information \u00fcber die von Ihnen bei uns gespeicherten Daten. Auf Anfrage werden wir Sie gerne dar\u00fcber informieren.<br \/><br \/>Wir weisen darauf hin, dass die Daten\u00fcbertragung im Internet (z.B. bei der Kommunikation per E-Mail) Sicherheitsl\u00fccken aufweisen kann. Ein l\u00fcckenloser Schutz der Daten vor dem Zugriff durch Dritte ist nicht m\u00f6glich.<\/p><\/div>\n\t\t\t\t<\/div>\n\t\t\t\t\t\t\t<div class=\"elementor-accordion-item\">\n\t\t\t\t\t<div id=\"elementor-tab-title-2012\" class=\"elementor-tab-title\" data-tab=\"2\" role=\"button\" aria-controls=\"elementor-tab-content-2012\" aria-expanded=\"false\">\n\t\t\t\t\t\t\t\t\t\t\t\t\t<span class=\"elementor-accordion-icon elementor-accordion-icon-right\" aria-hidden=\"true\">\n\t\t\t\t\t\t\t\t\t\t\t\t\t\t\t<span class=\"elementor-accordion-icon-closed\"><svg class=\"e-font-icon-svg e-fas-plus\" viewbox=\"0 0 448 512\" xmlns=\"http:\/\/www.w3.org\/2000\/svg\"><path d=\"M416 208H272V64c0-17.67-14.33-32-32-32h-32c-17.67 0-32 14.33-32 32v144H32c-17.67 0-32 14.33-32 32v32c0 17.67 14.33 32 32 32h144v144c0 17.67 14.33 32 32 32h32c17.67 0 32-14.33 32-32V304h144c17.67 0 32-14.33 32-32v-32c0-17.67-14.33-32-32-32z\"><\/path><\/svg><\/span>\n\t\t\t\t\t\t\t\t<span class=\"elementor-accordion-icon-opened\"><svg class=\"e-font-icon-svg e-fas-minus\" viewbox=\"0 0 448 512\" xmlns=\"http:\/\/www.w3.org\/2000\/svg\"><path d=\"M416 208H32c-17.67 0-32 14.33-32 32v32c0 17.67 14.33 32 32 32h384c17.67 0 32-14.33 32-32v-32c0-17.67-14.33-32-32-32z\"><\/path><\/svg><\/span>\n\t\t\t\t\t\t\t\t\t\t\t\t\t\t<\/span>\n\t\t\t\t\t\t\t\t\t\t\t\t<a class=\"elementor-accordion-title\" tabindex=\"0\">Kontaktformular\/Anmeldeformular<\/a>\n\t\t\t\t\t<\/div>\n\t\t\t\t\t<div id=\"elementor-tab-content-2012\" class=\"elementor-tab-content elementor-clearfix\" data-tab=\"2\" role=\"region\" aria-labelledby=\"elementor-tab-title-2012\"><p>Wenn Sie uns per Kontaktformular Anfragen zukommen lassen oder sich \u00fcber ein Anmeldeformular f\u00fcr eine Veranstaltung registrieren, werden Ihre Angaben aus dem Formular inklusive der von Ihnen dort angegebenen Kontaktdaten zwecks Bearbeitung der Anfrage und f\u00fcr den Fall von Anschlussfragen bei uns gespeichert. Diese Daten werden nur innerhalb der AMETRAS-Unternehmensgruppe verwendet und nicht ohne Ihre Einwilligung an Dritte weitergegeben.<\/p><\/div>\n\t\t\t\t<\/div>\n\t\t\t\t\t\t\t<div class=\"elementor-accordion-item\">\n\t\t\t\t\t<div id=\"elementor-tab-title-2013\" class=\"elementor-tab-title\" data-tab=\"3\" role=\"button\" aria-controls=\"elementor-tab-content-2013\" aria-expanded=\"false\">\n\t\t\t\t\t\t\t\t\t\t\t\t\t<span class=\"elementor-accordion-icon elementor-accordion-icon-right\" aria-hidden=\"true\">\n\t\t\t\t\t\t\t\t\t\t\t\t\t\t\t<span class=\"elementor-accordion-icon-closed\"><svg class=\"e-font-icon-svg e-fas-plus\" viewbox=\"0 0 448 512\" xmlns=\"http:\/\/www.w3.org\/2000\/svg\"><path d=\"M416 208H272V64c0-17.67-14.33-32-32-32h-32c-17.67 0-32 14.33-32 32v144H32c-17.67 0-32 14.33-32 32v32c0 17.67 14.33 32 32 32h144v144c0 17.67 14.33 32 32 32h32c17.67 0 32-14.33 32-32V304h144c17.67 0 32-14.33 32-32v-32c0-17.67-14.33-32-32-32z\"><\/path><\/svg><\/span>\n\t\t\t\t\t\t\t\t<span class=\"elementor-accordion-icon-opened\"><svg class=\"e-font-icon-svg e-fas-minus\" viewbox=\"0 0 448 512\" xmlns=\"http:\/\/www.w3.org\/2000\/svg\"><path d=\"M416 208H32c-17.67 0-32 14.33-32 32v32c0 17.67 14.33 32 32 32h384c17.67 0 32-14.33 32-32v-32c0-17.67-14.33-32-32-32z\"><\/path><\/svg><\/span>\n\t\t\t\t\t\t\t\t\t\t\t\t\t\t<\/span>\n\t\t\t\t\t\t\t\t\t\t\t\t<a class=\"elementor-accordion-title\" tabindex=\"0\">Bewerbungsformular<\/a>\n\t\t\t\t\t<\/div>\n\t\t\t\t\t<div id=\"elementor-tab-content-2013\" class=\"elementor-tab-content elementor-clearfix\" data-tab=\"3\" role=\"region\" aria-labelledby=\"elementor-tab-title-2013\"><p>Wir erheben unterschiedliche Arten von Informationen. Hierzu z\u00e4hlen insbesondere Ihre pers\u00f6nlichen Daten mit Kontaktinformationen sowie eine Beschreibung Ihrer Ausbildung, Arbeitserfahrung und F\u00e4higkeiten. Dar\u00fcber hinaus haben Sie die M\u00f6glichkeit, uns elektronisch gespeicherte Dokumente wie Zeugnisse oder Anschreiben zu \u00fcberlassen.<br \/><br \/><\/p>\n<p>Mit Ihrer Bewerbung versichern Sie, dass die von Ihnen zur Verf\u00fcgung gestellten Informationen der Wahrheit entsprechen. Wir weisen darauf hin, dass jede Falschaussage oder bewusste Auslassung einen Grund f\u00fcr eine Absage oder sp\u00e4tere K\u00fcndigung darstellen kann.<br \/><br \/><\/p>\n<p>Wir ben\u00f6tigen von Ihnen keine Informationen, die nach dem Allgemeinen Gleichbehandlungsgesetz nicht verwertbar sind (Rasse, ethnischer Herkunft, Religion oder Weltanschauung, Behinderung oder sexueller Identit\u00e4t). Angaben zu Krankheiten, Schwangerschaft, ethnischer Herkunft, politischen Anschauungen, philosophischen oder religi\u00f6sen \u00dcberzeugungen, Mitgliedschaft in einer Gewerkschaft, k\u00f6rperlicher oder geistiger Gesundheit oder Sexualleben bitten wir ebenfalls nicht zu \u00fcbermitteln. Dasselbe gilt f\u00fcr Inhalte, die geeignet sind, Rechte Dritter zu verletzen (z.B. Urheberrechte, Presserecht oder allgemeine Rechte Dritter).<\/p><\/div>\n\t\t\t\t<\/div>\n\t\t\t\t\t\t\t<div class=\"elementor-accordion-item\">\n\t\t\t\t\t<div id=\"elementor-tab-title-2014\" class=\"elementor-tab-title\" data-tab=\"4\" role=\"button\" aria-controls=\"elementor-tab-content-2014\" aria-expanded=\"false\">\n\t\t\t\t\t\t\t\t\t\t\t\t\t<span class=\"elementor-accordion-icon elementor-accordion-icon-right\" aria-hidden=\"true\">\n\t\t\t\t\t\t\t\t\t\t\t\t\t\t\t<span class=\"elementor-accordion-icon-closed\"><svg class=\"e-font-icon-svg e-fas-plus\" viewbox=\"0 0 448 512\" xmlns=\"http:\/\/www.w3.org\/2000\/svg\"><path d=\"M416 208H272V64c0-17.67-14.33-32-32-32h-32c-17.67 0-32 14.33-32 32v144H32c-17.67 0-32 14.33-32 32v32c0 17.67 14.33 32 32 32h144v144c0 17.67 14.33 32 32 32h32c17.67 0 32-14.33 32-32V304h144c17.67 0 32-14.33 32-32v-32c0-17.67-14.33-32-32-32z\"><\/path><\/svg><\/span>\n\t\t\t\t\t\t\t\t<span class=\"elementor-accordion-icon-opened\"><svg class=\"e-font-icon-svg e-fas-minus\" viewbox=\"0 0 448 512\" xmlns=\"http:\/\/www.w3.org\/2000\/svg\"><path d=\"M416 208H32c-17.67 0-32 14.33-32 32v32c0 17.67 14.33 32 32 32h384c17.67 0 32-14.33 32-32v-32c0-17.67-14.33-32-32-32z\"><\/path><\/svg><\/span>\n\t\t\t\t\t\t\t\t\t\t\t\t\t\t<\/span>\n\t\t\t\t\t\t\t\t\t\t\t\t<a class=\"elementor-accordion-title\" tabindex=\"0\">Erhebung, Verarbeitung, Nutzung und Weitergabe Ihrer Bewerbungsdaten<\/a>\n\t\t\t\t\t<\/div>\n\t\t\t\t\t<div id=\"elementor-tab-content-2014\" class=\"elementor-tab-content elementor-clearfix\" data-tab=\"4\" role=\"region\" aria-labelledby=\"elementor-tab-title-2014\"><p>Personenbezogene Daten werden nur zu Zwecken erhoben, gespeichert, verarbeitet und genutzt, die im Zusammenhang mit Ihrem Interesse an einer aktuellen oder zuk\u00fcnftigen Besch\u00e4ftigung bei uns und der Bearbeitung Ihrer Bewerbung stehen. Eine Weitergabe an Dritte, au\u00dferhalb der AMETRAS-Unternehmensgruppe, erfolgt nicht. Zur Nutzung des Online-Bewerbungsverfahrens werden Daten wie Name, Adresse, Telefonnummer, E-Mail-Adresse etc. erhoben. Diese Daten dienen grunds\u00e4tzlich der Kontaktaufnahme zu Ihrer Bewerbung.<br \/><br \/><\/p>\n<p>Ist Ihre Bewerbung erfolgreich, k\u00f6nnen die angegebenen Daten f\u00fcr verwaltungstechnische Angelegenheiten im Rahmen der Besch\u00e4ftigung verwendet werden.<br \/><br \/><\/p>\n<p>Ihre Online-Bewerbung wird ausschlie\u00dflich von den relevanten Ansprechpartner bei uns bearbeitet und zur Kenntnis genommen. Alle mit der Datenverarbeitung betrauten Mitarbeiter sind verpflichtet, die Vertraulichkeit Ihrer Daten zu wahren. Dritte, au\u00dferhalb der AMETRAS-Unternehmensgruppe, erhalten von Ihren Angaben unter keinen Umst\u00e4nden Kenntnis. Die Verarbeitung der Daten findet ausschlie\u00dflich in Deutschland statt.<\/p><\/div>\n\t\t\t\t<\/div>\n\t\t\t\t\t\t\t<div class=\"elementor-accordion-item\">\n\t\t\t\t\t<div id=\"elementor-tab-title-2015\" class=\"elementor-tab-title\" data-tab=\"5\" role=\"button\" aria-controls=\"elementor-tab-content-2015\" aria-expanded=\"false\">\n\t\t\t\t\t\t\t\t\t\t\t\t\t<span class=\"elementor-accordion-icon elementor-accordion-icon-right\" aria-hidden=\"true\">\n\t\t\t\t\t\t\t\t\t\t\t\t\t\t\t<span class=\"elementor-accordion-icon-closed\"><svg class=\"e-font-icon-svg e-fas-plus\" viewbox=\"0 0 448 512\" xmlns=\"http:\/\/www.w3.org\/2000\/svg\"><path d=\"M416 208H272V64c0-17.67-14.33-32-32-32h-32c-17.67 0-32 14.33-32 32v144H32c-17.67 0-32 14.33-32 32v32c0 17.67 14.33 32 32 32h144v144c0 17.67 14.33 32 32 32h32c17.67 0 32-14.33 32-32V304h144c17.67 0 32-14.33 32-32v-32c0-17.67-14.33-32-32-32z\"><\/path><\/svg><\/span>\n\t\t\t\t\t\t\t\t<span class=\"elementor-accordion-icon-opened\"><svg class=\"e-font-icon-svg e-fas-minus\" viewbox=\"0 0 448 512\" xmlns=\"http:\/\/www.w3.org\/2000\/svg\"><path d=\"M416 208H32c-17.67 0-32 14.33-32 32v32c0 17.67 14.33 32 32 32h384c17.67 0 32-14.33 32-32v-32c0-17.67-14.33-32-32-32z\"><\/path><\/svg><\/span>\n\t\t\t\t\t\t\t\t\t\t\t\t\t\t<\/span>\n\t\t\t\t\t\t\t\t\t\t\t\t<a class=\"elementor-accordion-title\" tabindex=\"0\">Aufbewahrung Bewerbungsdaten<\/a>\n\t\t\t\t\t<\/div>\n\t\t\t\t\t<div id=\"elementor-tab-content-2015\" class=\"elementor-tab-content elementor-clearfix\" data-tab=\"5\" role=\"region\" aria-labelledby=\"elementor-tab-title-2015\"><p>Sollten wir Ihnen keine Besch\u00e4ftigung anbieten k\u00f6nnen, werden wir die von Ihnen \u00fcbermittelten Daten bis zu sechs Monaten f\u00fcr den Zweck aufbewahren, Fragen im Zusammenhang mit Ihrer Bewerbung und Ablehnung zu beantworten.<br \/><br \/><\/p>\n<p>Falls Ihre Bewerbungsunterlagen jedoch grunds\u00e4tzlich von Interesse sind und lediglich aktuell keine geeignete Besch\u00e4ftigung zur Verf\u00fcgung steht, erteilen Sie uns hiermit Ihr Einverst\u00e4ndnis, Ihre Daten entsprechend vorzuhalten und abzuspeichern. So k\u00f6nnen wir Sie bei k\u00fcnftigen Stellenangeboten kontaktieren.<\/p><\/div>\n\t\t\t\t<\/div>\n\t\t\t\t\t\t\t<div class=\"elementor-accordion-item\">\n\t\t\t\t\t<div id=\"elementor-tab-title-2016\" class=\"elementor-tab-title\" data-tab=\"6\" role=\"button\" aria-controls=\"elementor-tab-content-2016\" aria-expanded=\"false\">\n\t\t\t\t\t\t\t\t\t\t\t\t\t<span class=\"elementor-accordion-icon elementor-accordion-icon-right\" aria-hidden=\"true\">\n\t\t\t\t\t\t\t\t\t\t\t\t\t\t\t<span class=\"elementor-accordion-icon-closed\"><svg class=\"e-font-icon-svg e-fas-plus\" viewbox=\"0 0 448 512\" xmlns=\"http:\/\/www.w3.org\/2000\/svg\"><path d=\"M416 208H272V64c0-17.67-14.33-32-32-32h-32c-17.67 0-32 14.33-32 32v144H32c-17.67 0-32 14.33-32 32v32c0 17.67 14.33 32 32 32h144v144c0 17.67 14.33 32 32 32h32c17.67 0 32-14.33 32-32V304h144c17.67 0 32-14.33 32-32v-32c0-17.67-14.33-32-32-32z\"><\/path><\/svg><\/span>\n\t\t\t\t\t\t\t\t<span class=\"elementor-accordion-icon-opened\"><svg class=\"e-font-icon-svg e-fas-minus\" viewbox=\"0 0 448 512\" xmlns=\"http:\/\/www.w3.org\/2000\/svg\"><path d=\"M416 208H32c-17.67 0-32 14.33-32 32v32c0 17.67 14.33 32 32 32h384c17.67 0 32-14.33 32-32v-32c0-17.67-14.33-32-32-32z\"><\/path><\/svg><\/span>\n\t\t\t\t\t\t\t\t\t\t\t\t\t\t<\/span>\n\t\t\t\t\t\t\t\t\t\t\t\t<a class=\"elementor-accordion-title\" tabindex=\"0\">Registrierung auf dieser Webseite<\/a>\n\t\t\t\t\t<\/div>\n\t\t\t\t\t<div id=\"elementor-tab-content-2016\" class=\"elementor-tab-content elementor-clearfix\" data-tab=\"6\" role=\"region\" aria-labelledby=\"elementor-tab-title-2016\"><p>Sie k\u00f6nnen sich auf unserer Webseite registrieren, um zus\u00e4tzliche Funktionen auf der Seite zu nutzen. Die dazu eingegebenen Daten verwenden wir nur zum Zwecke der Nutzung des jeweiligen Angebotes oder Dienstes, f\u00fcr den Sie sich registriert haben.<br \/><br \/><\/p>\n<p>F\u00fcr wichtige \u00c4nderungen etwa beim Angebotsumfang oder bei technisch notwendigen \u00c4nderungen nutzen wir die bei der Registrierung angegebene E-Mail-Adresse, um Sie auf diesem Wege zu informieren.<\/p><\/div>\n\t\t\t\t<\/div>\n\t\t\t\t\t\t\t<div class=\"elementor-accordion-item\">\n\t\t\t\t\t<div id=\"elementor-tab-title-2017\" class=\"elementor-tab-title\" data-tab=\"7\" role=\"button\" aria-controls=\"elementor-tab-content-2017\" aria-expanded=\"false\">\n\t\t\t\t\t\t\t\t\t\t\t\t\t<span class=\"elementor-accordion-icon elementor-accordion-icon-right\" aria-hidden=\"true\">\n\t\t\t\t\t\t\t\t\t\t\t\t\t\t\t<span class=\"elementor-accordion-icon-closed\"><svg class=\"e-font-icon-svg e-fas-plus\" viewbox=\"0 0 448 512\" xmlns=\"http:\/\/www.w3.org\/2000\/svg\"><path d=\"M416 208H272V64c0-17.67-14.33-32-32-32h-32c-17.67 0-32 14.33-32 32v144H32c-17.67 0-32 14.33-32 32v32c0 17.67 14.33 32 32 32h144v144c0 17.67 14.33 32 32 32h32c17.67 0 32-14.33 32-32V304h144c17.67 0 32-14.33 32-32v-32c0-17.67-14.33-32-32-32z\"><\/path><\/svg><\/span>\n\t\t\t\t\t\t\t\t<span class=\"elementor-accordion-icon-opened\"><svg class=\"e-font-icon-svg e-fas-minus\" viewbox=\"0 0 448 512\" xmlns=\"http:\/\/www.w3.org\/2000\/svg\"><path d=\"M416 208H32c-17.67 0-32 14.33-32 32v32c0 17.67 14.33 32 32 32h384c17.67 0 32-14.33 32-32v-32c0-17.67-14.33-32-32-32z\"><\/path><\/svg><\/span>\n\t\t\t\t\t\t\t\t\t\t\t\t\t\t<\/span>\n\t\t\t\t\t\t\t\t\t\t\t\t<a class=\"elementor-accordion-title\" tabindex=\"0\">Verarbeiten von Daten (Kunden- und Vertragsdaten)<\/a>\n\t\t\t\t\t<\/div>\n\t\t\t\t\t<div id=\"elementor-tab-content-2017\" class=\"elementor-tab-content elementor-clearfix\" data-tab=\"7\" role=\"region\" aria-labelledby=\"elementor-tab-title-2017\"><p>Wir erheben, verarbeiten und nutzen personenbezogene Daten nur, soweit sie f\u00fcr die Begr\u00fcndung, inhaltliche Ausgestaltung oder \u00c4nderung des Rechtsverh\u00e4ltnisses erforderlich sind (Bestandsdaten). Bestandsdaten werden f\u00fcr Zwecke der Information per Mail\/Telefon\/Post von der AMETRAS-Unternehmensgruppe genutzt.<br \/><br \/><\/p>\n<p>Personenbezogene Daten \u00fcber die Inanspruchnahme unserer Internetseiten (Nutzungsdaten) erheben, verarbeiten und nutzen wir nur, soweit dies erforderlich ist, um dem Nutzer die Inanspruchnahme des Dienstes zu erm\u00f6glichen oder abzurechnen.<\/p><\/div>\n\t\t\t\t<\/div>\n\t\t\t\t\t\t\t<div class=\"elementor-accordion-item\">\n\t\t\t\t\t<div id=\"elementor-tab-title-2018\" class=\"elementor-tab-title\" data-tab=\"8\" role=\"button\" aria-controls=\"elementor-tab-content-2018\" aria-expanded=\"false\">\n\t\t\t\t\t\t\t\t\t\t\t\t\t<span class=\"elementor-accordion-icon elementor-accordion-icon-right\" aria-hidden=\"true\">\n\t\t\t\t\t\t\t\t\t\t\t\t\t\t\t<span class=\"elementor-accordion-icon-closed\"><svg class=\"e-font-icon-svg e-fas-plus\" viewbox=\"0 0 448 512\" xmlns=\"http:\/\/www.w3.org\/2000\/svg\"><path d=\"M416 208H272V64c0-17.67-14.33-32-32-32h-32c-17.67 0-32 14.33-32 32v144H32c-17.67 0-32 14.33-32 32v32c0 17.67 14.33 32 32 32h144v144c0 17.67 14.33 32 32 32h32c17.67 0 32-14.33 32-32V304h144c17.67 0 32-14.33 32-32v-32c0-17.67-14.33-32-32-32z\"><\/path><\/svg><\/span>\n\t\t\t\t\t\t\t\t<span class=\"elementor-accordion-icon-opened\"><svg class=\"e-font-icon-svg e-fas-minus\" viewbox=\"0 0 448 512\" xmlns=\"http:\/\/www.w3.org\/2000\/svg\"><path d=\"M416 208H32c-17.67 0-32 14.33-32 32v32c0 17.67 14.33 32 32 32h384c17.67 0 32-14.33 32-32v-32c0-17.67-14.33-32-32-32z\"><\/path><\/svg><\/span>\n\t\t\t\t\t\t\t\t\t\t\t\t\t\t<\/span>\n\t\t\t\t\t\t\t\t\t\t\t\t<a class=\"elementor-accordion-title\" tabindex=\"0\">Auskunft, L\u00f6schung, Sperrung, Widerruf<\/a>\n\t\t\t\t\t<\/div>\n\t\t\t\t\t<div id=\"elementor-tab-content-2018\" class=\"elementor-tab-content elementor-clearfix\" data-tab=\"8\" role=\"region\" aria-labelledby=\"elementor-tab-title-2018\"><p>Sie haben jederzeit das Recht unentgeltlich Auskunft \u00fcber Herkunft, Empf\u00e4nger und Zweck Ihrer gespeicherten personenbezogenen Daten zu erhalten. Sie haben au\u00dferdem ein Recht, die Berichtigung, Sperrung oder L\u00f6schung dieser Daten zu verlangen. Hierzu sowie zu weiteren Fragen zum Thema Datenschutz k\u00f6nnen Sie sich jederzeit per Email (ds@ametras.com) oder an die im Impressum angegebene Adresse wenden.<a rel=\"noreferrer\">ds@ametras.com<\/a>) or at the address given in the imprint.<br \/><br \/><\/p>\n<p>Sofern Ihre personenbezogenen Daten auf Grundlage von berechtigten Interessen gem\u00e4\u00df Art. 6 Abs. 1 S. 1 lit. f DS-GVO verarbeitet werden, haben Sie das Recht, gem\u00e4\u00df Art. 21 DS-GVO Widerspruch gegen die Verarbeitung Ihrer personenbezogenen Daten einzulegen, soweit daf\u00fcr Gr\u00fcnde vorliegen, die sich aus Ihrer besonderen Situation ergeben.<br \/><br \/><\/p>\n<p>Sie k\u00f6nnen eine uns erteilte Einwilligungserkl\u00e4rung jederzeit und kostenfrei mit Wirkung f\u00fcr die Zukunft widerrufen. Die betreffenden Daten werden dann umgehend gel\u00f6scht.<br \/><br \/><\/p>\n<p>An die Stelle der L\u00f6schung kann in den gesetzlich vorgesehenen F\u00e4llen eine Sperrung der Daten treten.<br \/><br \/><\/p>\n<p>Bitte richten Sie in diesem Fall Ihren Widerruf unter Angabe Ihres vollst\u00e4ndigen Namens, Adresse und Ihrer E-Mail-Adresse an ds@ametras.com oder an die im Impressum angegebene Adresse. <a rel=\"noreferrer\">ds@ametras.com<\/a> or to the address provided in the imprint.<\/p><\/div>\n\t\t\t\t<\/div>\n\t\t\t\t\t\t\t<div class=\"elementor-accordion-item\">\n\t\t\t\t\t<div id=\"elementor-tab-title-2019\" class=\"elementor-tab-title\" data-tab=\"9\" role=\"button\" aria-controls=\"elementor-tab-content-2019\" aria-expanded=\"false\">\n\t\t\t\t\t\t\t\t\t\t\t\t\t<span class=\"elementor-accordion-icon elementor-accordion-icon-right\" aria-hidden=\"true\">\n\t\t\t\t\t\t\t\t\t\t\t\t\t\t\t<span class=\"elementor-accordion-icon-closed\"><svg class=\"e-font-icon-svg e-fas-plus\" viewbox=\"0 0 448 512\" xmlns=\"http:\/\/www.w3.org\/2000\/svg\"><path d=\"M416 208H272V64c0-17.67-14.33-32-32-32h-32c-17.67 0-32 14.33-32 32v144H32c-17.67 0-32 14.33-32 32v32c0 17.67 14.33 32 32 32h144v144c0 17.67 14.33 32 32 32h32c17.67 0 32-14.33 32-32V304h144c17.67 0 32-14.33 32-32v-32c0-17.67-14.33-32-32-32z\"><\/path><\/svg><\/span>\n\t\t\t\t\t\t\t\t<span class=\"elementor-accordion-icon-opened\"><svg class=\"e-font-icon-svg e-fas-minus\" viewbox=\"0 0 448 512\" xmlns=\"http:\/\/www.w3.org\/2000\/svg\"><path d=\"M416 208H32c-17.67 0-32 14.33-32 32v32c0 17.67 14.33 32 32 32h384c17.67 0 32-14.33 32-32v-32c0-17.67-14.33-32-32-32z\"><\/path><\/svg><\/span>\n\t\t\t\t\t\t\t\t\t\t\t\t\t\t<\/span>\n\t\t\t\t\t\t\t\t\t\t\t\t<a class=\"elementor-accordion-title\" tabindex=\"0\">Beschwerderecht bei der zust\u00e4ndigen Aufsichtsbeh\u00f6rde<\/a>\n\t\t\t\t\t<\/div>\n\t\t\t\t\t<div id=\"elementor-tab-content-2019\" class=\"elementor-tab-content elementor-clearfix\" data-tab=\"9\" role=\"region\" aria-labelledby=\"elementor-tab-title-2019\"><p class=\" translation-block\">Im Falle datenschutzrechtlicher Verst\u00f6\u00dfe steht dem Betroffenen ein Beschwerderecht bei der zust\u00e4ndigen Aufsichtsbeh\u00f6rde zu. Zust\u00e4ndige Aufsichtsbeh\u00f6rde in datenschutzrechtlichen Fragen ist der Landesdatenschutzbeauftragte des Bundeslandes, in dem unser Unternehmen seinen Sitz hat. Eine Liste der Datenschutzbeauftragten sowie deren Kontaktdaten k\u00f6nnen folgendem Link entnommen werden: https:\/\/www.bfdi.bund.de\/DE\/Infothek\/Anschriften_Links\/anschriften_links-node.html.<\/p><\/div>\n\t\t\t\t<\/div>\n\t\t\t\t\t\t\t<div class=\"elementor-accordion-item\">\n\t\t\t\t\t<div id=\"elementor-tab-title-20110\" class=\"elementor-tab-title\" data-tab=\"10\" role=\"button\" aria-controls=\"elementor-tab-content-20110\" aria-expanded=\"false\">\n\t\t\t\t\t\t\t\t\t\t\t\t\t<span class=\"elementor-accordion-icon elementor-accordion-icon-right\" aria-hidden=\"true\">\n\t\t\t\t\t\t\t\t\t\t\t\t\t\t\t<span class=\"elementor-accordion-icon-closed\"><svg class=\"e-font-icon-svg e-fas-plus\" viewbox=\"0 0 448 512\" xmlns=\"http:\/\/www.w3.org\/2000\/svg\"><path d=\"M416 208H272V64c0-17.67-14.33-32-32-32h-32c-17.67 0-32 14.33-32 32v144H32c-17.67 0-32 14.33-32 32v32c0 17.67 14.33 32 32 32h144v144c0 17.67 14.33 32 32 32h32c17.67 0 32-14.33 32-32V304h144c17.67 0 32-14.33 32-32v-32c0-17.67-14.33-32-32-32z\"><\/path><\/svg><\/span>\n\t\t\t\t\t\t\t\t<span class=\"elementor-accordion-icon-opened\"><svg class=\"e-font-icon-svg e-fas-minus\" viewbox=\"0 0 448 512\" xmlns=\"http:\/\/www.w3.org\/2000\/svg\"><path d=\"M416 208H32c-17.67 0-32 14.33-32 32v32c0 17.67 14.33 32 32 32h384c17.67 0 32-14.33 32-32v-32c0-17.67-14.33-32-32-32z\"><\/path><\/svg><\/span>\n\t\t\t\t\t\t\t\t\t\t\t\t\t\t<\/span>\n\t\t\t\t\t\t\t\t\t\t\t\t<a class=\"elementor-accordion-title\" tabindex=\"0\">Cookies<\/a>\n\t\t\t\t\t<\/div>\n\t\t\t\t\t<div id=\"elementor-tab-content-20110\" class=\"elementor-tab-content elementor-clearfix\" data-tab=\"10\" role=\"region\" aria-labelledby=\"elementor-tab-title-20110\"><p>Die Internetseiten verwenden teilweise so genannte Cookies. Cookies richten auf Ihrem Rechner keinen Schaden an und enthalten keine Viren. Cookies dienen dazu, unser Angebot nutzerfreundlicher, effektiver und sicherer zu machen. Cookies sind kleine Textdateien, die auf Ihrem Rechner abgelegt werden und die Ihr Browser speichert.<br \/><br \/><\/p>\n<p>Die meisten der von uns verwendeten Cookies sind so genannte \u201eSession-Cookies\". Sie werden nach Ende Ihres Besuchs automatisch gel\u00f6scht. Andere Cookies bleiben auf Ihrem Endger\u00e4t gespeichert, bis Sie diese l\u00f6schen. Diese Cookies erm\u00f6glichen es uns, Ihren Browser beim n\u00e4chsten Besuch wiederzuerkennen.<br \/><br \/><\/p>\n<p>Sie k\u00f6nnen Ihren Browser so einstellen, dass Sie \u00fcber das Setzen von Cookies informiert werden und Cookies nur im Einzelfall erlauben, die Annahme von Cookies f\u00fcr bestimmte F\u00e4lle oder generell ausschlie\u00dfen sowie das automatische L\u00f6schen der Cookies beim Schlie\u00dfen des Browser aktivieren. Bei der Deaktivierung von Cookies kann die Funktionalit\u00e4t dieser Website eingeschr\u00e4nkt sein.<\/p><\/div>\n\t\t\t\t<\/div>\n\t\t\t\t\t\t\t<div class=\"elementor-accordion-item\">\n\t\t\t\t\t<div id=\"elementor-tab-title-20111\" class=\"elementor-tab-title\" data-tab=\"11\" role=\"button\" aria-controls=\"elementor-tab-content-20111\" aria-expanded=\"false\">\n\t\t\t\t\t\t\t\t\t\t\t\t\t<span class=\"elementor-accordion-icon elementor-accordion-icon-right\" aria-hidden=\"true\">\n\t\t\t\t\t\t\t\t\t\t\t\t\t\t\t<span class=\"elementor-accordion-icon-closed\"><svg class=\"e-font-icon-svg e-fas-plus\" viewbox=\"0 0 448 512\" xmlns=\"http:\/\/www.w3.org\/2000\/svg\"><path d=\"M416 208H272V64c0-17.67-14.33-32-32-32h-32c-17.67 0-32 14.33-32 32v144H32c-17.67 0-32 14.33-32 32v32c0 17.67 14.33 32 32 32h144v144c0 17.67 14.33 32 32 32h32c17.67 0 32-14.33 32-32V304h144c17.67 0 32-14.33 32-32v-32c0-17.67-14.33-32-32-32z\"><\/path><\/svg><\/span>\n\t\t\t\t\t\t\t\t<span class=\"elementor-accordion-icon-opened\"><svg class=\"e-font-icon-svg e-fas-minus\" viewbox=\"0 0 448 512\" xmlns=\"http:\/\/www.w3.org\/2000\/svg\"><path d=\"M416 208H32c-17.67 0-32 14.33-32 32v32c0 17.67 14.33 32 32 32h384c17.67 0 32-14.33 32-32v-32c0-17.67-14.33-32-32-32z\"><\/path><\/svg><\/span>\n\t\t\t\t\t\t\t\t\t\t\t\t\t\t<\/span>\n\t\t\t\t\t\t\t\t\t\t\t\t<a class=\"elementor-accordion-title\" tabindex=\"0\">LinkedIn<\/a>\n\t\t\t\t\t<\/div>\n\t\t\t\t\t<div id=\"elementor-tab-content-20111\" class=\"elementor-tab-content elementor-clearfix\" data-tab=\"11\" role=\"region\" aria-labelledby=\"elementor-tab-title-20111\"><p class=\" translation-block\">Diese Seite nutzt Komponenten des Netzwerks LinkedIn ein. LinkedIn ist ein Service der LinkedIn Corporation, 2029 Stierlin Court, Mountain View, CA 94043, USA. Bei jedem einzelnen Abruf unserer Webseite, die mit einer solchen Komponente ausgestattet ist, veranlasst diese Komponente, dass der von Ihnen verwendete Browser eine entsprechende Darstellung der Komponente von LinkedIn herunterl\u00e4dt. Durch diesen Vorgang wird LinkedIn dar\u00fcber in Kenntnis gesetzt, welche konkrete Seite unserer Internetpr\u00e4senz gerade besucht wird. Wenn Sie den LinkedIn \u201eRecommend-Button\" anklicken w\u00e4hrend Sie in Ihrem LinkedIn-Account eingeloggt sind, k\u00f6nnen Sie die Inhalte unserer Seiten auf Ihrem LinkedIn-Profil verlinken. Dadurch ist LinkedIn in der Lage, den Besuch unserer Seiten Ihrem LinkedIn-Benutzerkonto zuordnen. Wir haben weder Einfluss auf die Daten, die LinkedIn hierdurch erhebt, noch \u00fcber den Umfang dieser durch LinkedIn erhobenen Daten. Auch haben wir keine Kenntnis vom Inhalt der an LinkedIn \u00fcbermittelten Daten. Details zur Datenerhebung durch LinkedIn sowie zu Ihren Rechten und Einstellungsm\u00f6glichkeiten k\u00f6nnen Sie den Datenschutzhinweisen von LinkedIn entnehmen. Diese Hinweise finden Sie unter http:\/\/www.linkedin.com\/legal\/privacy-policy<\/p><\/div>\n\t\t\t\t<\/div>\n\t\t\t\t\t\t\t<div class=\"elementor-accordion-item\">\n\t\t\t\t\t<div id=\"elementor-tab-title-20112\" class=\"elementor-tab-title\" data-tab=\"12\" role=\"button\" aria-controls=\"elementor-tab-content-20112\" aria-expanded=\"false\">\n\t\t\t\t\t\t\t\t\t\t\t\t\t<span class=\"elementor-accordion-icon elementor-accordion-icon-right\" aria-hidden=\"true\">\n\t\t\t\t\t\t\t\t\t\t\t\t\t\t\t<span class=\"elementor-accordion-icon-closed\"><svg class=\"e-font-icon-svg e-fas-plus\" viewbox=\"0 0 448 512\" xmlns=\"http:\/\/www.w3.org\/2000\/svg\"><path d=\"M416 208H272V64c0-17.67-14.33-32-32-32h-32c-17.67 0-32 14.33-32 32v144H32c-17.67 0-32 14.33-32 32v32c0 17.67 14.33 32 32 32h144v144c0 17.67 14.33 32 32 32h32c17.67 0 32-14.33 32-32V304h144c17.67 0 32-14.33 32-32v-32c0-17.67-14.33-32-32-32z\"><\/path><\/svg><\/span>\n\t\t\t\t\t\t\t\t<span class=\"elementor-accordion-icon-opened\"><svg class=\"e-font-icon-svg e-fas-minus\" viewbox=\"0 0 448 512\" xmlns=\"http:\/\/www.w3.org\/2000\/svg\"><path d=\"M416 208H32c-17.67 0-32 14.33-32 32v32c0 17.67 14.33 32 32 32h384c17.67 0 32-14.33 32-32v-32c0-17.67-14.33-32-32-32z\"><\/path><\/svg><\/span>\n\t\t\t\t\t\t\t\t\t\t\t\t\t\t<\/span>\n\t\t\t\t\t\t\t\t\t\t\t\t<a class=\"elementor-accordion-title\" tabindex=\"0\">Datenschutzhinweise f\u00fcr Teilnehmer an Online-Umfragen<\/a>\n\t\t\t\t\t<\/div>\n\t\t\t\t\t<div id=\"elementor-tab-content-20112\" class=\"elementor-tab-content elementor-clearfix\" data-tab=\"12\" role=\"region\" aria-labelledby=\"elementor-tab-title-20112\"><p>Inhalt dieser Hinweise\nMit diesen Datenschutzhinweisen erl\u00e4utern wir Ihnen unseren Umgang mit Ihren personenbezogenen Daten, wenn Sie an einer unserer Online-Umfragen teilnehmen.Zudem informieren wir Sie \u00fcber Ihre Rechte nach der DSGVO.<\/p><\/div>\n\t\t\t\t<\/div>\n\t\t\t\t\t\t\t<div class=\"elementor-accordion-item\">\n\t\t\t\t\t<div id=\"elementor-tab-title-20113\" class=\"elementor-tab-title\" data-tab=\"13\" role=\"button\" aria-controls=\"elementor-tab-content-20113\" aria-expanded=\"false\">\n\t\t\t\t\t\t\t\t\t\t\t\t\t<span class=\"elementor-accordion-icon elementor-accordion-icon-right\" aria-hidden=\"true\">\n\t\t\t\t\t\t\t\t\t\t\t\t\t\t\t<span class=\"elementor-accordion-icon-closed\"><svg class=\"e-font-icon-svg e-fas-plus\" viewbox=\"0 0 448 512\" xmlns=\"http:\/\/www.w3.org\/2000\/svg\"><path d=\"M416 208H272V64c0-17.67-14.33-32-32-32h-32c-17.67 0-32 14.33-32 32v144H32c-17.67 0-32 14.33-32 32v32c0 17.67 14.33 32 32 32h144v144c0 17.67 14.33 32 32 32h32c17.67 0 32-14.33 32-32V304h144c17.67 0 32-14.33 32-32v-32c0-17.67-14.33-32-32-32z\"><\/path><\/svg><\/span>\n\t\t\t\t\t\t\t\t<span class=\"elementor-accordion-icon-opened\"><svg class=\"e-font-icon-svg e-fas-minus\" viewbox=\"0 0 448 512\" xmlns=\"http:\/\/www.w3.org\/2000\/svg\"><path d=\"M416 208H32c-17.67 0-32 14.33-32 32v32c0 17.67 14.33 32 32 32h384c17.67 0 32-14.33 32-32v-32c0-17.67-14.33-32-32-32z\"><\/path><\/svg><\/span>\n\t\t\t\t\t\t\t\t\t\t\t\t\t\t<\/span>\n\t\t\t\t\t\t\t\t\t\t\t\t<a class=\"elementor-accordion-title\" tabindex=\"0\">Verantwortlicher und Datenschutzbeauftragter<\/a>\n\t\t\t\t\t<\/div>\n\t\t\t\t\t<div id=\"elementor-tab-content-20113\" class=\"elementor-tab-content elementor-clearfix\" data-tab=\"13\" role=\"region\" aria-labelledby=\"elementor-tab-title-20113\"><p>Verantwortlicher im Sinne der DSGVO f\u00fcr die Verarbeitung Ihrer Daten aus der Online-Umfrage ist:<\/p>\n<p class=\" translation-block\">Die Kontaktdaten des Datenschutzbeauftragten:\n<br>AMETRAS documents GmbH\n<br>Melanie Mekic<br>Eisenbahnstra\u00dfe 11<br>88255 Baienfurt<\/p><\/div>\n\t\t\t\t<\/div>\n\t\t\t\t\t\t\t\t<\/div>\n\t\t\t\t<\/div>\n\t\t\t\t<\/div>\n\t\t\t\t\t<\/div>\n\t\t\t\t<\/div>\n\t\t\t\t<\/div>","protected":false},"excerpt":{"rendered":"<p>Privacy Policy AMETRAS ecm We take the protection of your personal data very seriously. We treat your personal data confidentially and always in accordance with the General Data Protection Regulation (GDPR), in accordance with the country-specific data protection regulations applicable to us, and with the content of this privacy policy. This privacy policy applies to [&hellip;]<\/p>","protected":false},"author":7,"featured_media":0,"parent":0,"menu_order":0,"comment_status":"closed","ping_status":"closed","template":"","meta":{"footnotes":""},"yoast_head":"<!-- This site is optimized with the Yoast SEO plugin v23.2 - https:\/\/yoast.com\/wordpress\/plugins\/seo\/ -->\n<title>Privacy Policy - AMETRAS ecm<\/title>\n<meta name=\"robots\" content=\"index, follow, max-snippet:-1, max-image-preview:large, max-video-preview:-1\" \/>\n<link rel=\"canonical\" href=\"https:\/\/www.ametras-ecm.com\/de\/privacy-policy\/\" \/>\n<meta property=\"og:locale\" content=\"de_DE\" \/>\n<meta property=\"og:type\" content=\"article\" \/>\n<meta property=\"og:title\" content=\"Privacy Policy - AMETRAS ecm\" \/>\n<meta property=\"og:description\" content=\"Privacy Policy AMETRAS ecm We take the protection of your personal data very seriously. We treat your personal data confidentially and always in accordance with the General Data Protection Regulation (GDPR), in accordance with the country-specific data protection regulations applicable to us, and with the content of this privacy policy. This privacy policy applies to [&hellip;]\" \/>\n<meta property=\"og:url\" content=\"https:\/\/www.ametras-ecm.com\/de\/privacy-policy\/\" \/>\n<meta property=\"og:site_name\" content=\"AMETRAS ecm\" \/>\n<meta property=\"article:modified_time\" content=\"2024-06-28T13:58:43+00:00\" \/>\n<meta name=\"twitter:card\" content=\"summary_large_image\" \/>\n<meta name=\"twitter:label1\" content=\"Gesch\u00e4tzte Lesezeit\" \/>\n\t<meta name=\"twitter:data1\" content=\"7 Minuten\" \/>\n<script type=\"application\/ld+json\" class=\"yoast-schema-graph\">{\"@context\":\"https:\/\/schema.org\",\"@graph\":[{\"@type\":\"WebPage\",\"@id\":\"https:\/\/www.ametras-ecm.com\/privacy-policy\/\",\"url\":\"https:\/\/www.ametras-ecm.com\/privacy-policy\/\",\"name\":\"Privacy Policy - AMETRAS ecm\",\"isPartOf\":{\"@id\":\"https:\/\/www.ametras-ecm.com\/#website\"},\"datePublished\":\"2024-05-31T11:10:33+00:00\",\"dateModified\":\"2024-06-28T13:58:43+00:00\",\"breadcrumb\":{\"@id\":\"https:\/\/www.ametras-ecm.com\/privacy-policy\/#breadcrumb\"},\"inLanguage\":\"de-DE\",\"potentialAction\":[{\"@type\":\"ReadAction\",\"target\":[\"https:\/\/www.ametras-ecm.com\/privacy-policy\/\"]}]},{\"@type\":\"BreadcrumbList\",\"@id\":\"https:\/\/www.ametras-ecm.com\/privacy-policy\/#breadcrumb\",\"itemListElement\":[{\"@type\":\"ListItem\",\"position\":1,\"name\":\"Home\",\"item\":\"https:\/\/www.ametras-ecm.com\/\"},{\"@type\":\"ListItem\",\"position\":2,\"name\":\"Privacy Policy\"}]},{\"@type\":\"WebSite\",\"@id\":\"https:\/\/www.ametras-ecm.com\/#website\",\"url\":\"https:\/\/www.ametras-ecm.com\/\",\"name\":\"AMETRAS ecm\",\"description\":\"Empowering Enterprises Through Digital Excellence\",\"publisher\":{\"@id\":\"https:\/\/www.ametras-ecm.com\/#organization\"},\"potentialAction\":[{\"@type\":\"SearchAction\",\"target\":{\"@type\":\"EntryPoint\",\"urlTemplate\":\"https:\/\/www.ametras-ecm.com\/?s={search_term_string}\"},\"query-input\":\"required name=search_term_string\"}],\"inLanguage\":\"de-DE\"},{\"@type\":\"Organization\",\"@id\":\"https:\/\/www.ametras-ecm.com\/#organization\",\"name\":\"AMETRAS ecm\",\"url\":\"https:\/\/www.ametras-ecm.com\/\",\"logo\":{\"@type\":\"ImageObject\",\"inLanguage\":\"de-DE\",\"@id\":\"https:\/\/www.ametras-ecm.com\/#\/schema\/logo\/image\/\",\"url\":\"https:\/\/www.ametras-ecm.com\/wp-content\/uploads\/2024\/06\/Ametras-Ecm-_color.png\",\"contentUrl\":\"https:\/\/www.ametras-ecm.com\/wp-content\/uploads\/2024\/06\/Ametras-Ecm-_color.png\",\"width\":1021,\"height\":269,\"caption\":\"AMETRAS ecm\"},\"image\":{\"@id\":\"https:\/\/www.ametras-ecm.com\/#\/schema\/logo\/image\/\"},\"sameAs\":[\"https:\/\/www.linkedin.com\/company\/ametras-ecm\/\",\"https:\/\/www.instagram.com\/ametras_ecm\/\"]}]}<\/script>\n<!-- \/ Yoast SEO plugin. -->","yoast_head_json":{"title":"Privacy Policy - AMETRAS ecm","robots":{"index":"index","follow":"follow","max-snippet":"max-snippet:-1","max-image-preview":"max-image-preview:large","max-video-preview":"max-video-preview:-1"},"canonical":"https:\/\/www.ametras-ecm.com\/de\/privacy-policy\/","og_locale":"de_DE","og_type":"article","og_title":"Privacy Policy - AMETRAS ecm","og_description":"Privacy Policy AMETRAS ecm We take the protection of your personal data very seriously. We treat your personal data confidentially and always in accordance with the General Data Protection Regulation (GDPR), in accordance with the country-specific data protection regulations applicable to us, and with the content of this privacy policy. This privacy policy applies to [&hellip;]","og_url":"https:\/\/www.ametras-ecm.com\/de\/privacy-policy\/","og_site_name":"AMETRAS ecm","article_modified_time":"2024-06-28T13:58:43+00:00","twitter_card":"summary_large_image","twitter_misc":{"Gesch\u00e4tzte Lesezeit":"7 Minuten"},"schema":{"@context":"https:\/\/schema.org","@graph":[{"@type":"WebPage","@id":"https:\/\/www.ametras-ecm.com\/privacy-policy\/","url":"https:\/\/www.ametras-ecm.com\/privacy-policy\/","name":"Privacy Policy - AMETRAS ecm","isPartOf":{"@id":"https:\/\/www.ametras-ecm.com\/#website"},"datePublished":"2024-05-31T11:10:33+00:00","dateModified":"2024-06-28T13:58:43+00:00","breadcrumb":{"@id":"https:\/\/www.ametras-ecm.com\/privacy-policy\/#breadcrumb"},"inLanguage":"de-DE","potentialAction":[{"@type":"ReadAction","target":["https:\/\/www.ametras-ecm.com\/privacy-policy\/"]}]},{"@type":"BreadcrumbList","@id":"https:\/\/www.ametras-ecm.com\/privacy-policy\/#breadcrumb","itemListElement":[{"@type":"ListItem","position":1,"name":"Home","item":"https:\/\/www.ametras-ecm.com\/"},{"@type":"ListItem","position":2,"name":"Privacy Policy"}]},{"@type":"WebSite","@id":"https:\/\/www.ametras-ecm.com\/#website","url":"https:\/\/www.ametras-ecm.com\/","name":"AMETRAS ecm","description":"Empowering Enterprises Through Digital Excellence","publisher":{"@id":"https:\/\/www.ametras-ecm.com\/#organization"},"potentialAction":[{"@type":"SearchAction","target":{"@type":"EntryPoint","urlTemplate":"https:\/\/www.ametras-ecm.com\/?s={search_term_string}"},"query-input":"required name=search_term_string"}],"inLanguage":"de-DE"},{"@type":"Organization","@id":"https:\/\/www.ametras-ecm.com\/#organization","name":"AMETRAS ecm","url":"https:\/\/www.ametras-ecm.com\/","logo":{"@type":"ImageObject","inLanguage":"de-DE","@id":"https:\/\/www.ametras-ecm.com\/#\/schema\/logo\/image\/","url":"https:\/\/www.ametras-ecm.com\/wp-content\/uploads\/2024\/06\/Ametras-Ecm-_color.png","contentUrl":"https:\/\/www.ametras-ecm.com\/wp-content\/uploads\/2024\/06\/Ametras-Ecm-_color.png","width":1021,"height":269,"caption":"AMETRAS ecm"},"image":{"@id":"https:\/\/www.ametras-ecm.com\/#\/schema\/logo\/image\/"},"sameAs":["https:\/\/www.linkedin.com\/company\/ametras-ecm\/","https:\/\/www.instagram.com\/ametras_ecm\/"]}]}},"_links":{"self":[{"href":"https:\/\/www.ametras-ecm.com\/de\/wp-json\/wp\/v2\/pages\/4678"}],"collection":[{"href":"https:\/\/www.ametras-ecm.com\/de\/wp-json\/wp\/v2\/pages"}],"about":[{"href":"https:\/\/www.ametras-ecm.com\/de\/wp-json\/wp\/v2\/types\/page"}],"author":[{"embeddable":true,"href":"https:\/\/www.ametras-ecm.com\/de\/wp-json\/wp\/v2\/users\/7"}],"replies":[{"embeddable":true,"href":"https:\/\/www.ametras-ecm.com\/de\/wp-json\/wp\/v2\/comments?post=4678"}],"version-history":[{"count":0,"href":"https:\/\/www.ametras-ecm.com\/de\/wp-json\/wp\/v2\/pages\/4678\/revisions"}],"wp:attachment":[{"href":"https:\/\/www.ametras-ecm.com\/de\/wp-json\/wp\/v2\/media?parent=4678"}],"curies":[{"name":"wp","href":"https:\/\/api.w.org\/{rel}","templated":true}]}}